{"id":16747,"date":"2025-06-10T13:01:45","date_gmt":"2025-06-10T10:01:45","guid":{"rendered":"https:\/\/testonella.cz\/?page_id=16747"},"modified":"2025-06-10T13:01:45","modified_gmt":"2025-06-10T10:01:45","slug":"ochrany-osobnich-udaju","status":"publish","type":"page","link":"https:\/\/testonella.cz\/cs\/ochrany-osobnich-udaju\/","title":{"rendered":"Ochrana osobn\u00edch \u00fadaj\u016f"},"content":{"rendered":"<p><strong>I. Z\u00e1kladn\u00ed ustanoven\u00ed<\/strong><\/p>\n<p>Spr\u00e1vcem osobn\u00edch \u00fadaj\u016f dle \u010dl. 4 bodu 7 na\u0159\u00edzen\u00ed Evropsk\u00e9ho parlamentu a Rady (EU) 2016\/679 o ochran\u011b fyzick\u00fdch osob v souvislosti se zpracov\u00e1n\u00edm osobn\u00edch \u00fadaj\u016f a o voln\u00e9m pohybu t\u011bchto \u00fadaj\u016f (d\u00e1le jen: \u201eGDPR\u201c) je Novovyso\u010dansk\u00e1 club s.r.o. Muka\u0159ovsk\u00e9ho 2590, 155 00 Praha 13-Stod\u016flky s identifika\u010dn\u00edm \u010d\u00edslem I\u010cO 11914190 (d\u00e1le jen: \u201espr\u00e1vce\u201c).<\/p>\n<p>Kontaktn\u00ed \u00fadaje spr\u00e1vce jsou:<\/p>\n<ul>\n<li><strong>adresa<\/strong>: Muka\u0159ovsk\u00e9ho 2590, 155 00 Praha 13-Stod\u016flky<\/li>\n<li><strong>e-mail<\/strong>: sales@testonella.cz<\/li>\n<li><strong>telefon<\/strong>: +420 770 644 011<\/li>\n<\/ul>\n<p><strong>II. Zdroje kategorie zpracov\u00e1van\u00fdch osobn\u00edch \u00fadaj\u016f<\/strong><\/p>\n<p>Spr\u00e1vce zpracov\u00e1v\u00e1 osobn\u00ed \u00fadaje, kter\u00e9 jste mu poskytli, nebo osobn\u00ed \u00fadaje, kter\u00e9 spr\u00e1vce z\u00edskal na z\u00e1klad\u011b vy\u0159\u00edzen\u00ed va\u0161\u00ed objedn\u00e1vky.<\/p>\n<p>Spr\u00e1vce zpracov\u00e1v\u00e1 Va\u0161e identifika\u010dn\u00ed a kontaktn\u00ed \u00fadaje a \u00fadaje pot\u0159ebn\u00e9 pro pln\u011bn\u00ed smlouvy.<\/p>\n<p><strong>III. Pr\u00e1vn\u00ed d\u016fvod a \u00fa\u010del zpracov\u00e1n\u00ed osobn\u00edch \u00fadaj\u016f<\/strong><\/p>\n<p>Pr\u00e1vn\u00edm d\u016fvodem pro zpracov\u00e1n\u00ed osobn\u00edch \u00fadaj\u016f je:<\/p>\n<ul>\n<li>pln\u011bn\u00ed smlouvy mezi V\u00e1mi a spr\u00e1vcem podle \u010dl. 6 odst. 1 p\u00edsm. b) GDPR,<\/li>\n<li>Opr\u00e1vn\u011bn\u00fd z\u00e1jem spr\u00e1vce na poskytov\u00e1n\u00ed p\u0159\u00edm\u00e9ho marketingu (zejm\u00e9na pro zas\u00edl\u00e1n\u00ed obchodn\u00edch sd\u011blen\u00ed a newsletter\u016f) dle \u010dl. 6 odst. 1 p\u00edsm. f) GDPR,<\/li>\n<li>V\u00e1\u0161 souhlas se zpracov\u00e1n\u00edm pro \u00fa\u010dely poskytov\u00e1n\u00ed p\u0159\u00edm\u00e9ho marketingu (zejm\u00e9na pro zas\u00edl\u00e1n\u00ed obchodn\u00edch sd\u011blen\u00ed a newsletter\u016f) dle \u010dl. 6 odst. 1 p\u00edsm. a) GDPR ve spojen\u00ed s \u00a7 7 odst. 2 z\u00e1kona \u010d. 480\/2004 Sb., o n\u011bkter\u00fdch slu\u017eb\u00e1ch informa\u010dn\u00ed spole\u010dnosti v p\u0159\u00edpad\u011b, \u017ee nedo\u0161lo k objedn\u00e1vce zbo\u017e\u00ed nebo slu\u017eeb.<\/li>\n<\/ul>\n<p>\u00da\u010delem zpracov\u00e1n\u00ed osobn\u00edch \u00fadaj\u016f je:<\/p>\n<ul>\n<li>zpracov\u00e1n\u00ed Va\u0161\u00ed objedn\u00e1vky a pln\u011bn\u00ed pr\u00e1v a povinnost\u00ed vypl\u00fdvaj\u00edc\u00edch ze smluvn\u00edho vztahu mezi V\u00e1mi a spr\u00e1vcem; p\u0159i zad\u00e1v\u00e1n\u00ed objedn\u00e1vky jsou vy\u017eadov\u00e1ny osobn\u00ed \u00fadaje, kter\u00e9 jsou nezbytn\u00e9 pro jej\u00ed \u00fasp\u011b\u0161n\u00e9 dokon\u010den\u00ed (jm\u00e9no a adresa, kontakt). Poskytnut\u00ed osobn\u00edch \u00fadaj\u016f je nezbytn\u00fdm po\u017eadavkem pro uzav\u0159en\u00ed a pln\u011bn\u00ed smlouvy, bez poskytnut\u00ed osobn\u00edch \u00fadaj\u016f nen\u00ed mo\u017en\u00e9 smlouvu ze strany spr\u00e1vce uzav\u0159\u00edt ani ji plnit,<\/li>\n<li>zas\u00edl\u00e1n\u00ed obchodn\u00edch sd\u011blen\u00ed a prov\u00e1d\u011bn\u00ed dal\u0161\u00edch marketingov\u00fdch aktivit.<\/li>\n<\/ul>\n<p>Ze strany spr\u00e1vce nedoch\u00e1z\u00ed k automatick\u00e9mu individu\u00e1ln\u00edmu rozhodov\u00e1n\u00ed ve smyslu \u010dl. 22 GDPR.<\/p>\n<p><strong>IV. Doba uchov\u00e1v\u00e1n\u00ed dat<\/strong><\/p>\n<p>Spr\u00e1vce uchov\u00e1v\u00e1 osobn\u00ed \u00fadaje:<\/p>\n<ul>\n<li>po dobu nezbytnou k v\u00fdkonu pr\u00e1v a povinnost\u00ed vypl\u00fdvaj\u00edc\u00edch ze smluvn\u00edho vztahu mezi v\u00e1mi a spr\u00e1vcem a k vym\u00e1h\u00e1n\u00ed n\u00e1rok\u016f z t\u011bchto smluvn\u00edch vztah\u016f (po dobu 15 let od ukon\u010den\u00ed smluvn\u00edho vztahu),<\/li>\n<li>po dobu p\u0159ed odvol\u00e1n\u00edm souhlasu se zpracov\u00e1n\u00edm osobn\u00edch \u00fadaj\u016f pro marketingov\u00e9 \u00fa\u010dely, nejm\u00e9n\u011b 2 roky, pokud jsou osobn\u00ed \u00fadaje zpracov\u00e1v\u00e1ny na z\u00e1klad\u011b souhlasu.<\/li>\n<\/ul>\n<p>Po uplynut\u00ed doby uchov\u00e1v\u00e1n\u00ed osobn\u00edch \u00fadaj\u016f spr\u00e1vce osobn\u00ed \u00fadaje vyma\u017ee.<\/p>\n<p><strong>V. P\u0159\u00edjemci osobn\u00ed \u00fadaje (subdodavatel\u00e9 spr\u00e1vce)<\/strong><\/p>\n<p>P\u0159\u00edjemci osobn\u00edch \u00fadaj\u016f jsou:<\/p>\n<ul>\n<li>\u00fa\u010dast na p\u0159id\u00e1v\u00e1n\u00ed zbo\u017e\u00ed \/ slu\u017eeb \/ realizaci plateb na z\u00e1klad\u011b smlouvy,<\/li>\n<li>poskytov\u00e1n\u00ed slu\u017eeb pro provoz e-shopu a dal\u0161\u00edch slu\u017eeb souvisej\u00edc\u00edch s provozem e-shopu,<\/li>\n<li>poskytov\u00e1n\u00ed marketingov\u00fdch slu\u017eeb.<\/li>\n<\/ul>\n<p>Spr\u00e1vce nem\u00e1 v \u00famyslu p\u0159edat osobn\u00ed \u00fadaje do t\u0159et\u00ed zem\u011b (zem\u011b mimo EU) ani mezin\u00e1rodn\u00ed organizaci.<\/p>\n<p><strong>VI. Va\u0161e pr\u00e1va<\/strong><\/p>\n<p>Za podm\u00ednek uveden\u00fdch v GDPR m\u00e1te:<\/p>\n<ul>\n<li>pr\u00e1vo na p\u0159\u00edstup k osobn\u00edm \u00fadaj\u016fm dle \u010dl. 15 GDPR,<\/li>\n<li>pr\u00e1vo na opravu osobn\u00edch \u00fadaj\u016f dle \u010dl. GDPR 18 GDPR,<\/li>\n<li>pr\u00e1vo na odstran\u011bn\u00ed osobn\u00edch \u00fadaj\u016f dle \u010dl. 17 GDPR,<\/li>\n<li>pr\u00e1vo vzn\u00e9st n\u00e1mitku proti pr\u00e1vn\u00ed dle art. 21 GDPR,<\/li>\n<li>pr\u00e1vo na p\u0159enositelnost \u00fadaj\u016f dle \u010dl. 20 GDPR,<\/li>\n<li>pr\u00e1vo odvolat souhlas se zpracov\u00e1n\u00edm p\u00edsemn\u011b nebo elektronicky na adresu nebo email spr\u00e1vce uveden\u00fd v \u010dl. III t\u011bchto podm\u00ednek.<\/li>\n<\/ul>\n<p>M\u00e1te tak\u00e9 pr\u00e1vo podat st\u00ed\u017enost u \u00da\u0159adu pro ochranu osobn\u00edch \u00fadaj\u016f, pokud se domn\u00edv\u00e1te, \u017ee bylo poru\u0161eno va\u0161e pr\u00e1vo na ochranu osobn\u00edch \u00fadaj\u016f.<\/p>\n<p><strong>VII. Podm\u00ednky zabezpe\u010den\u00ed osobn\u00edch \u00fadaj\u016f<\/strong><\/p>\n<p>Spr\u00e1vce prohla\u0161uje, \u017ee p\u0159ijal ve\u0161ker\u00e1 vhodn\u00e1 technick\u00e1 a organiza\u010dn\u00ed opat\u0159en\u00ed k zabezpe\u010den\u00ed osobn\u00edch \u00fadaj\u016f.<\/p>\n<p>Spr\u00e1vce p\u0159ijal technick\u00e1 opat\u0159en\u00ed k zabezpe\u010den\u00ed datov\u00e9ho \u00falo\u017ei\u0161t\u011b a uchov\u00e1v\u00e1n\u00ed osobn\u00edch \u00fadaj\u016f v p\u00edsemn\u00e9 podob\u011b.<\/p>\n<p>Spr\u00e1vce prohla\u0161uje, \u017ee k osobn\u00edm \u00fadaj\u016fm maj\u00ed p\u0159\u00edstup pouze opr\u00e1vn\u011bn\u00e9 osoby.<\/p>\n<p><strong>VIII. Z\u00e1v\u011bre\u010dn\u00e9 ustanoven\u00ed<\/strong><\/p>\n<p>Odesl\u00e1n\u00edm objedn\u00e1vky z online objedn\u00e1vkov\u00e9ho formul\u00e1\u0159e potvrzujete, \u017ee jste sezn\u00e1men\/a s podm\u00ednkami ochrany osobn\u00edch \u00fadaj\u016f a \u017ee je v cel\u00e9m rozsahu p\u0159ij\u00edm\u00e1te.<\/p>\n<p>Za\u0161krtnut\u00edm online formul\u00e1\u0159e souhlas\u00edte s t\u011bmito podm\u00ednkami. Za\u0161krtnut\u00edm pol\u00ed\u010dka Souhlas\u00edm potvrzujete, \u017ee jste si v\u011bdomi podm\u00ednek ochrany osobn\u00edch \u00fadaj\u016f a \u017ee je v cel\u00e9m rozsahu p\u0159ij\u00edm\u00e1te.<\/p>\n<p>Spr\u00e1vce je opr\u00e1vn\u011bn tyto podm\u00ednky zm\u011bnit. Nov\u00e1 verze podm\u00ednek ochrany osobn\u00edch \u00fadaj\u016f bude zve\u0159ejn\u011bna na jeho webov\u00fdch str\u00e1nk\u00e1ch a nov\u00e1 verze t\u011bchto podm\u00ednek bude zasl\u00e1na na va\u0161i e-mailovou adresu uvedenou spr\u00e1vcem.<\/p>\n<p>Tyto obchodn\u00ed podm\u00ednky nab\u00fdvaj\u00ed \u00fa\u010dinnosti dnem 30. \u00fanora 2024.<\/p>","protected":false},"excerpt":{"rendered":"<p>I. Z\u00e1kladn\u00ed ustanoven\u00ed Spr\u00e1vcem osobn\u00edch \u00fadaj\u016f podle \u010dl. 4 bod 7 na\u0159\u00edzen\u00ed Evropsk\u00fd parlament a Rada (EU) 2016\/679 o ochran\u011b<\/p>","protected":false},"author":1,"featured_media":0,"parent":0,"menu_order":0,"comment_status":"closed","ping_status":"closed","template":"","meta":{"footnotes":""},"class_list":["post-16747","page","type-page","status-publish","hentry"],"yoast_head":"<!-- This site is optimized with the Yoast SEO plugin v27.5 - https:\/\/yoast.com\/product\/yoast-seo-wordpress\/ -->\n<title>Ochrany osobn\u00edch \u00fadaj\u016f - Testonella<\/title>\n<meta name=\"robots\" content=\"index, follow, max-snippet:-1, max-image-preview:large, max-video-preview:-1\" \/>\n<link rel=\"canonical\" href=\"https:\/\/testonella.cz\/cs\/ochrany-osobnich-udaju\/\" \/>\n<meta property=\"og:locale\" content=\"cs_CZ\" \/>\n<meta property=\"og:type\" content=\"article\" \/>\n<meta property=\"og:title\" content=\"Ochrany osobn\u00edch \u00fadaj\u016f - Testonella\" \/>\n<meta property=\"og:description\" content=\"I. Z\u00e1kladn\u00ed ustanoven\u00ed Spr\u00e1vcem osobn\u00edch \u00fadaj\u016f podle \u010dl. 4 bod 7 na\u0159\u00edzen\u00ed Evropsk\u00e9ho parlamentu a Rady (EU) 2016\/679 o ochran\u011b\" \/>\n<meta property=\"og:url\" content=\"https:\/\/testonella.cz\/cs\/ochrany-osobnich-udaju\/\" \/>\n<meta property=\"og:site_name\" content=\"Testonella\" \/>\n<meta property=\"og:image\" content=\"https:\/\/testonella.cz\/wp-content\/uploads\/2024\/03\/logo-seo.webp\" \/>\n\t<meta property=\"og:image:width\" content=\"1200\" \/>\n\t<meta property=\"og:image:height\" content=\"675\" \/>\n\t<meta property=\"og:image:type\" content=\"image\/webp\" \/>\n<meta name=\"twitter:card\" content=\"summary_large_image\" \/>\n<meta name=\"twitter:label1\" content=\"Odhadovan\u00e1 doba \u010dten\u00ed\" \/>\n\t<meta name=\"twitter:data1\" content=\"4 minuty\" \/>\n<script type=\"application\/ld+json\" class=\"yoast-schema-graph\">{\"@context\":\"https:\\\/\\\/schema.org\",\"@graph\":[{\"@type\":\"WebPage\",\"@id\":\"https:\\\/\\\/testonella.cz\\\/ochrany-osobnich-udaju\\\/\",\"url\":\"https:\\\/\\\/testonella.cz\\\/ochrany-osobnich-udaju\\\/\",\"name\":\"Ochrany osobn\u00edch \u00fadaj\u016f - Testonella\",\"isPartOf\":{\"@id\":\"https:\\\/\\\/testonella.cz\\\/#website\"},\"datePublished\":\"2025-06-10T10:01:45+00:00\",\"breadcrumb\":{\"@id\":\"https:\\\/\\\/testonella.cz\\\/ochrany-osobnich-udaju\\\/#breadcrumb\"},\"inLanguage\":\"cs\",\"potentialAction\":[{\"@type\":\"ReadAction\",\"target\":[\"https:\\\/\\\/testonella.cz\\\/ochrany-osobnich-udaju\\\/\"]}]},{\"@type\":\"BreadcrumbList\",\"@id\":\"https:\\\/\\\/testonella.cz\\\/ochrany-osobnich-udaju\\\/#breadcrumb\",\"itemListElement\":[{\"@type\":\"ListItem\",\"position\":1,\"name\":\"\u0413\u043e\u043b\u043e\u0432\u043d\u0430\",\"item\":\"https:\\\/\\\/testonella.cz\\\/\"},{\"@type\":\"ListItem\",\"position\":2,\"name\":\"Ochrany osobn\u00edch \u00fadaj\u016f\"}]},{\"@type\":\"WebSite\",\"@id\":\"https:\\\/\\\/testonella.cz\\\/#website\",\"url\":\"https:\\\/\\\/testonella.cz\\\/\",\"name\":\"Testonella\",\"description\":\"Testonella od Notiko\",\"publisher\":{\"@id\":\"https:\\\/\\\/testonella.cz\\\/#organization\"},\"potentialAction\":[{\"@type\":\"SearchAction\",\"target\":{\"@type\":\"EntryPoint\",\"urlTemplate\":\"https:\\\/\\\/testonella.cz\\\/?s={search_term_string}\"},\"query-input\":{\"@type\":\"PropertyValueSpecification\",\"valueRequired\":true,\"valueName\":\"search_term_string\"}}],\"inLanguage\":\"cs\"},{\"@type\":\"Organization\",\"@id\":\"https:\\\/\\\/testonella.cz\\\/#organization\",\"name\":\"Testonella od Notiko\",\"url\":\"https:\\\/\\\/testonella.cz\\\/\",\"logo\":{\"@type\":\"ImageObject\",\"inLanguage\":\"cs\",\"@id\":\"https:\\\/\\\/testonella.cz\\\/#\\\/schema\\\/logo\\\/image\\\/\",\"url\":\"https:\\\/\\\/shop.testonella.cz\\\/wp-content\\\/uploads\\\/2024\\\/03\\\/logo-seo.webp\",\"contentUrl\":\"https:\\\/\\\/shop.testonella.cz\\\/wp-content\\\/uploads\\\/2024\\\/03\\\/logo-seo.webp\",\"width\":1200,\"height\":675,\"caption\":\"Testonella od Notiko\"},\"image\":{\"@id\":\"https:\\\/\\\/testonella.cz\\\/#\\\/schema\\\/logo\\\/image\\\/\"},\"sameAs\":[\"https:\\\/\\\/www.instagram.com\\\/testonella_od_notiko\"]}]}<\/script>\n<!-- \/ Yoast SEO plugin. -->","yoast_head_json":{"title":"Ochrany osobn\u00edch \u00fadaj\u016f - Testonella","robots":{"index":"index","follow":"follow","max-snippet":"max-snippet:-1","max-image-preview":"max-image-preview:large","max-video-preview":"max-video-preview:-1"},"canonical":"https:\/\/testonella.cz\/cs\/ochrany-osobnich-udaju\/","og_locale":"cs_CZ","og_type":"article","og_title":"Ochrany osobn\u00edch \u00fadaj\u016f - Testonella","og_description":"I. Z\u00e1kladn\u00ed ustanoven\u00ed Spr\u00e1vcem osobn\u00edch \u00fadaj\u016f podle \u010dl. 4 bod 7 na\u0159\u00edzen\u00ed Evropsk\u00e9ho parlamentu a Rady (EU) 2016\/679 o ochran\u011b","og_url":"https:\/\/testonella.cz\/cs\/ochrany-osobnich-udaju\/","og_site_name":"Testonella","og_image":[{"width":1200,"height":675,"url":"https:\/\/testonella.cz\/wp-content\/uploads\/2024\/03\/logo-seo.webp","type":"image\/webp"}],"twitter_card":"summary_large_image","twitter_misc":{"Odhadovan\u00e1 doba \u010dten\u00ed":"4 minuty"},"schema":{"@context":"https:\/\/schema.org","@graph":[{"@type":"WebPage","@id":"https:\/\/testonella.cz\/ochrany-osobnich-udaju\/","url":"https:\/\/testonella.cz\/ochrany-osobnich-udaju\/","name":"Ochrany osobn\u00edch \u00fadaj\u016f - Testonella","isPartOf":{"@id":"https:\/\/testonella.cz\/#website"},"datePublished":"2025-06-10T10:01:45+00:00","breadcrumb":{"@id":"https:\/\/testonella.cz\/ochrany-osobnich-udaju\/#breadcrumb"},"inLanguage":"cs","potentialAction":[{"@type":"ReadAction","target":["https:\/\/testonella.cz\/ochrany-osobnich-udaju\/"]}]},{"@type":"BreadcrumbList","@id":"https:\/\/testonella.cz\/ochrany-osobnich-udaju\/#breadcrumb","itemListElement":[{"@type":"ListItem","position":1,"name":"\u0413\u043e\u043b\u043e\u0432\u043d\u0430","item":"https:\/\/testonella.cz\/"},{"@type":"ListItem","position":2,"name":"Ochrany osobn\u00edch \u00fadaj\u016f"}]},{"@type":"WebSite","@id":"https:\/\/testonella.cz\/#website","url":"https:\/\/testonella.cz\/","name":"Testonella","description":"T\u011bstonella od Notiko","publisher":{"@id":"https:\/\/testonella.cz\/#organization"},"potentialAction":[{"@type":"SearchAction","target":{"@type":"EntryPoint","urlTemplate":"https:\/\/testonella.cz\/?s={search_term_string}"},"query-input":{"@type":"PropertyValueSpecification","valueRequired":true,"valueName":"search_term_string"}}],"inLanguage":"cs"},{"@type":"Organization","@id":"https:\/\/testonella.cz\/#organization","name":"T\u011bstonella od Notiko","url":"https:\/\/testonella.cz\/","logo":{"@type":"ImageObject","inLanguage":"cs","@id":"https:\/\/testonella.cz\/#\/schema\/logo\/image\/","url":"https:\/\/shop.testonella.cz\/wp-content\/uploads\/2024\/03\/logo-seo.webp","contentUrl":"https:\/\/shop.testonella.cz\/wp-content\/uploads\/2024\/03\/logo-seo.webp","width":1200,"height":675,"caption":"Testonella od Notiko"},"image":{"@id":"https:\/\/testonella.cz\/#\/schema\/logo\/image\/"},"sameAs":["https:\/\/www.instagram.com\/testonella_od_notiko"]}]}},"_links":{"self":[{"href":"https:\/\/testonella.cz\/cs\/wp-json\/wp\/v2\/pages\/16747","targetHints":{"allow":["GET"]}}],"collection":[{"href":"https:\/\/testonella.cz\/cs\/wp-json\/wp\/v2\/pages"}],"about":[{"href":"https:\/\/testonella.cz\/cs\/wp-json\/wp\/v2\/types\/page"}],"author":[{"embeddable":true,"href":"https:\/\/testonella.cz\/cs\/wp-json\/wp\/v2\/users\/1"}],"replies":[{"embeddable":true,"href":"https:\/\/testonella.cz\/cs\/wp-json\/wp\/v2\/comments?post=16747"}],"version-history":[{"count":1,"href":"https:\/\/testonella.cz\/cs\/wp-json\/wp\/v2\/pages\/16747\/revisions"}],"predecessor-version":[{"id":16748,"href":"https:\/\/testonella.cz\/cs\/wp-json\/wp\/v2\/pages\/16747\/revisions\/16748"}],"wp:attachment":[{"href":"https:\/\/testonella.cz\/cs\/wp-json\/wp\/v2\/media?parent=16747"}],"curies":[{"name":"wp","href":"https:\/\/api.w.org\/{rel}","templated":true}]}}